{"id":62763,"date":"2026-04-28T16:06:35","date_gmt":"2026-04-28T13:06:35","guid":{"rendered":"https:\/\/kurumsalhediyeci.com\/?post_type=product&#038;p=62763"},"modified":"2026-04-28T18:11:37","modified_gmt":"2026-04-28T15:11:37","slug":"elsanat-vazo","status":"publish","type":"product","link":"https:\/\/kurumsalhediyeci.com\/en\/elsanat-vazo\/","title":{"rendered":"Elsanat Bayram Vazo Eid Mubarak Hat"},"content":{"rendered":"<p>\u015e\u0131k siyah zemin \u00fczerine alt\u0131n detaylarla tasarlanan bu dekoratif vazo, \u201cEid Mubarak\u201d yaz\u0131s\u0131yla bayram ruhunu evinize ta\u015f\u0131r. Modern ve zarif tasar\u0131m\u0131yla salon, ofis ve hediye se\u00e7enekleri i\u00e7in idealdir. Kaliteli y\u00fczeyi ve estetik duru\u015fuyla dikkat \u00e7eken bu vazo, bayram dekorasyonu ve anlaml\u0131 hediye arayanlar i\u00e7in m\u00fckemmel bir tercihtir.<\/p>\n<p><strong>\u00dcr\u00fcn Boyutlar\u0131<\/strong><\/p>\n<p>Y\u00fckseklik: 20cm \/ \u00c7ap: 14cm<\/p>\n<p><strong>\u00dcr\u00fcn \u0130\u00e7eri\u011fi<\/strong><\/p>\n<p>1 x Siyah Cam Vazo (Kurumsal toptan sipari\u015flerde logo bask\u0131 uygulanabilir.)<\/p>\n<p>1\u00a0x \u0130\u00e7i S\u00fcngerli Hediyelik Mukavva Kutu (Kurumsal toptan logo bask\u0131s\u0131 uygulanabilir ve kutu rengi de\u011fi\u015febilir.)<\/p>\n<p><strong>Teknik \u00d6zellikler<\/strong><\/p>\n<p>Dekal transfer bask\u0131 ve pistole boyama tekni\u011fi kullan\u0131larak 600C de f\u0131r\u0131nlanm\u0131\u015ft\u0131r. Cam \u00fcr\u00fcnlerde bula\u015f\u0131k makinesinde y\u0131kand\u0131\u011f\u0131nda bask\u0131larda solma, \u00e7izilme ve \u00e7\u0131kma g\u00f6r\u00fclebilir, bu y\u00fczden cam \u00fcr\u00fcnlerin kesinlikle elde y\u0131kanmas\u0131 gereklidir. \u00dczerindeki bask\u0131lar herhangi bir metal yada sert bir cisimle kaz\u0131nd\u0131\u011f\u0131nda \u00e7\u0131kmaz.<\/p>\n<p><strong>Kutu \u00d6zellikleri<\/strong><\/p>\n<p>1,8mm kal\u0131nl\u0131\u011f\u0131nda i\u00e7i s\u00fcnger korumal\u0131 mukavva hediyelik kutudur.<\/p>\n<p>25x18x14cm (Yakla\u015f\u0131k \u00f6l\u00e7\u00fclerdir.)<\/p>\n<p>Kutu i\u00e7erisinde yer alan s\u00fcnger \u00fcr\u00fcnlerin ta\u015f\u0131nmas\u0131 s\u0131ras\u0131nda darbelere kar\u015f\u0131 dayan\u0131kl\u0131 olmas\u0131n\u0131 sa\u011flar ve \u015f\u0131k bir g\u00f6r\u00fcn\u00fcm kazand\u0131r\u0131r.<\/p>\n","protected":false},"excerpt":{"rendered":"<p>\u015e\u0131k siyah zemin \u00fczerine alt\u0131n detaylarla tasarlanan bu dekoratif vazo, \u201cEid Mubarak\u201d yaz\u0131s\u0131yla bayram ruhunu evinize ta\u015f\u0131r.<\/p>\n","protected":false},"featured_media":62766,"comment_status":"open","ping_status":"closed","template":"","meta":[],"product_brand":[7954],"product_cat":[7913],"product_tag":[],"class_list":{"0":"post-62763","1":"product","2":"type-product","3":"status-publish","4":"has-post-thumbnail","6":"product_brand-elsanat","7":"product_cat-kurumsal-hediye-dekoratif-vazolar","9":"first","10":"instock","11":"taxable","12":"shipping-taxable","13":"purchasable","14":"product-type-simple"},"_links":{"self":[{"href":"https:\/\/kurumsalhediyeci.com\/en\/wp-json\/wp\/v2\/product\/62763","targetHints":{"allow":["GET"]}}],"collection":[{"href":"https:\/\/kurumsalhediyeci.com\/en\/wp-json\/wp\/v2\/product"}],"about":[{"href":"https:\/\/kurumsalhediyeci.com\/en\/wp-json\/wp\/v2\/types\/product"}],"replies":[{"embeddable":true,"href":"https:\/\/kurumsalhediyeci.com\/en\/wp-json\/wp\/v2\/comments?post=62763"}],"wp:featuredmedia":[{"embeddable":true,"href":"https:\/\/kurumsalhediyeci.com\/en\/wp-json\/wp\/v2\/media\/62766"}],"wp:attachment":[{"href":"https:\/\/kurumsalhediyeci.com\/en\/wp-json\/wp\/v2\/media?parent=62763"}],"wp:term":[{"taxonomy":"product_brand","embeddable":true,"href":"https:\/\/kurumsalhediyeci.com\/en\/wp-json\/wp\/v2\/product_brand?post=62763"},{"taxonomy":"product_cat","embeddable":true,"href":"https:\/\/kurumsalhediyeci.com\/en\/wp-json\/wp\/v2\/product_cat?post=62763"},{"taxonomy":"product_tag","embeddable":true,"href":"https:\/\/kurumsalhediyeci.com\/en\/wp-json\/wp\/v2\/product_tag?post=62763"}],"curies":[{"name":"wp","href":"https:\/\/api.w.org\/{rel}","templated":true}]}}